{"id":1693,"date":"2022-11-19T23:19:12","date_gmt":"2022-11-20T02:19:12","guid":{"rendered":"https:\/\/enlacesur.org\/?page_id=1693"},"modified":"2023-02-04T22:42:36","modified_gmt":"2023-02-05T01:42:36","slug":"noticias","status":"publish","type":"page","link":"https:\/\/enlacesur.org\/pt\/noticias\/","title":{"rendered":"Noticias"},"content":{"rendered":"<div data-elementor-type=\"wp-page\" data-elementor-id=\"1693\" class=\"elementor elementor-1693\" data-elementor-post-type=\"page\">\n\t\t\t\t\t\t<section class=\"elementor-section elementor-top-section elementor-element elementor-element-2500fa29 elementor-section-boxed elementor-section-height-default elementor-section-height-default\" data-id=\"2500fa29\" data-element_type=\"section\" data-e-type=\"section\">\n\t\t\t\t\t\t<div class=\"elementor-container elementor-column-gap-default\">\n\t\t\t\t\t<div class=\"elementor-column elementor-col-100 elementor-top-column elementor-element elementor-element-3a531e00\" data-id=\"3a531e00\" data-element_type=\"column\" data-e-type=\"column\">\n\t\t\t<div class=\"elementor-widget-wrap elementor-element-populated\">\n\t\t\t\t\t\t<div data-dce-title-color=\"#12439B\" class=\"elementor-element elementor-element-4a35e89c elementor-widget elementor-widget-heading\" data-id=\"4a35e89c\" data-element_type=\"widget\" data-e-type=\"widget\" data-widget_type=\"heading.default\">\n\t\t\t\t<div class=\"elementor-widget-container\">\n\t\t\t\t\t<h2 class=\"elementor-heading-title elementor-size-large\">Noticias<\/h2>\t\t\t\t<\/div>\n\t\t\t\t<\/div>\n\t\t\t\t<div class=\"elementor-element elementor-element-12c4ae5c elementor-widget-divider--view-line elementor-widget elementor-widget-divider\" data-id=\"12c4ae5c\" data-element_type=\"widget\" data-e-type=\"widget\" data-widget_type=\"divider.default\">\n\t\t\t\t<div class=\"elementor-widget-container\">\n\t\t\t\t\t\t\t<div class=\"elementor-divider\">\n\t\t\t<span class=\"elementor-divider-separator\">\n\t\t\t\t\t\t<\/span>\n\t\t<\/div>\n\t\t\t\t\t\t<\/div>\n\t\t\t\t<\/div>\n\t\t\t\t\t<\/div>\n\t\t<\/div>\n\t\t\t\t\t<\/div>\n\t\t<\/section>\n\t\t\t\t<section data-dce-background-color=\"#EEF38633\" class=\"elementor-section elementor-top-section elementor-element elementor-element-4f96dea3 elementor-section-boxed elementor-section-height-default elementor-section-height-default\" data-id=\"4f96dea3\" data-element_type=\"section\" data-e-type=\"section\" data-settings=\"{&quot;background_background&quot;:&quot;classic&quot;,&quot;shape_divider_top&quot;:&quot;tilt&quot;,&quot;shape_divider_bottom&quot;:&quot;tilt&quot;}\">\n\t\t\t\t\t<div class=\"elementor-shape elementor-shape-top\" aria-hidden=\"true\" data-negative=\"false\">\n\t\t\t<svg xmlns=\"http:\/\/www.w3.org\/2000\/svg\" viewbox=\"0 0 1000 100\" preserveaspectratio=\"none\">\n\t<path class=\"elementor-shape-fill\" d=\"M0,6V0h1000v100L0,6z\"\/>\n<\/svg>\t\t<\/div>\n\t\t\t\t<div class=\"elementor-shape elementor-shape-bottom\" aria-hidden=\"true\" data-negative=\"false\">\n\t\t\t<svg xmlns=\"http:\/\/www.w3.org\/2000\/svg\" viewbox=\"0 0 1000 100\" preserveaspectratio=\"none\">\n\t<path class=\"elementor-shape-fill\" d=\"M0,6V0h1000v100L0,6z\"\/>\n<\/svg>\t\t<\/div>\n\t\t\t\t\t<div class=\"elementor-container elementor-column-gap-default\">\n\t\t\t\t\t<div class=\"elementor-column elementor-col-100 elementor-top-column elementor-element elementor-element-669e80ca\" data-id=\"669e80ca\" data-element_type=\"column\" data-e-type=\"column\">\n\t\t\t<div class=\"elementor-widget-wrap elementor-element-populated\">\n\t\t\t\t\t\t<div class=\"elementor-element elementor-element-2670498 elementor-grid-3 elementor-grid-tablet-2 elementor-grid-mobile-1 elementor-posts--thumbnail-top elementor-card-shadow-yes elementor-posts__hover-gradient elementor-widget elementor-widget-posts\" data-id=\"2670498\" data-element_type=\"widget\" data-e-type=\"widget\" data-settings=\"{&quot;cards_masonry&quot;:&quot;yes&quot;,&quot;pagination_type&quot;:&quot;numbers&quot;,&quot;cards_columns&quot;:&quot;3&quot;,&quot;cards_columns_tablet&quot;:&quot;2&quot;,&quot;cards_columns_mobile&quot;:&quot;1&quot;,&quot;cards_row_gap&quot;:{&quot;unit&quot;:&quot;px&quot;,&quot;size&quot;:35,&quot;sizes&quot;:[]},&quot;cards_row_gap_tablet&quot;:{&quot;unit&quot;:&quot;px&quot;,&quot;size&quot;:&quot;&quot;,&quot;sizes&quot;:[]},&quot;cards_row_gap_mobile&quot;:{&quot;unit&quot;:&quot;px&quot;,&quot;size&quot;:&quot;&quot;,&quot;sizes&quot;:[]}}\" data-widget_type=\"posts.cards\">\n\t\t\t\t<div class=\"elementor-widget-container\">\n\t\t\t\t\t\t\t<div class=\"elementor-posts-container elementor-posts elementor-posts--skin-cards elementor-grid\" role=\"list\">\n\t\t\t\t<article class=\"elementor-post elementor-grid-item post-2457 post type-post status-publish format-standard has-post-thumbnail hentry category-noticias\" role=\"listitem\">\n\t\t\t<div class=\"elementor-post__card\">\n\t\t\t\t<a class=\"elementor-post__thumbnail__link\" href=\"https:\/\/enlacesur.org\/pt\/noticias\/mercociudades-te-lleva-a-la-cumbre-urban-20-en-rio-de-janeiro\/\" tabindex=\"-1\" ><div class=\"elementor-post__thumbnail\"><img fetchpriority=\"high\" decoding=\"async\" width=\"300\" height=\"251\" src=\"https:\/\/enlacesur.org\/wp-content\/uploads\/2024\/09\/Mercociudades-te-lleva-a-la-Cumbre-Urban-20-en-Rio-de-Janeiro-300x251.png\" class=\"attachment-medium size-medium wp-image-2458\" alt=\"\" srcset=\"https:\/\/enlacesur.org\/wp-content\/uploads\/2024\/09\/Mercociudades-te-lleva-a-la-Cumbre-Urban-20-en-Rio-de-Janeiro-300x251.png 300w, https:\/\/enlacesur.org\/wp-content\/uploads\/2024\/09\/Mercociudades-te-lleva-a-la-Cumbre-Urban-20-en-Rio-de-Janeiro-768x644.png 768w, https:\/\/enlacesur.org\/wp-content\/uploads\/2024\/09\/Mercociudades-te-lleva-a-la-Cumbre-Urban-20-en-Rio-de-Janeiro-14x12.png 14w, https:\/\/enlacesur.org\/wp-content\/uploads\/2024\/09\/Mercociudades-te-lleva-a-la-Cumbre-Urban-20-en-Rio-de-Janeiro-20x17.png 20w, https:\/\/enlacesur.org\/wp-content\/uploads\/2024\/09\/Mercociudades-te-lleva-a-la-Cumbre-Urban-20-en-Rio-de-Janeiro.png 940w\" sizes=\"(max-width: 300px) 100vw, 300px\" \/><\/div><\/a>\n\t\t\t\t<div class=\"elementor-post__text\">\n\t\t\t\t<h3 class=\"elementor-post__title\">\n\t\t\t<a href=\"https:\/\/enlacesur.org\/pt\/noticias\/mercociudades-te-lleva-a-la-cumbre-urban-20-en-rio-de-janeiro\/\" >\n\t\t\t\tMercociudades te lleva a la Cumbre Urban 20 en R\u00edo de Janeiro\t\t\t<\/a>\n\t\t<\/h3>\n\t\t\t\t<div class=\"elementor-post__excerpt\">\n\t\t\t<p>El\u00a0Programa de Cooperaci\u00f3n Sur Sur de Mercociudades\u00a0invita a\u00a0gobiernos locales y Estados y Provincias miembros de Mercociudades\u00a0a participar de un sorteo en el marco de la plataforma\u00a0Enlace Sur, para concurrir a la\u00a0Cumbre U20\u00a0en R\u00edo de Janeiro, del 15 al 17 de noviembre pr\u00f3ximos.\u00a0Para hacerlo es necesario compartir una iniciativa de desarrollo sostenible hasta el 30 de<\/p>\n\t\t<\/div>\n\t\t\n\t\t<a class=\"elementor-post__read-more\" href=\"https:\/\/enlacesur.org\/pt\/noticias\/mercociudades-te-lleva-a-la-cumbre-urban-20-en-rio-de-janeiro\/\" aria-label=\"Leia mais sobre Mercociudades te lleva a la Cumbre Urban 20 en R\u00edo de Janeiro\" tabindex=\"-1\" >\n\t\t\tLeer m\u00e1s\u00bb\t\t<\/a>\n\n\t\t\t\t<\/div>\n\t\t\t\t<div class=\"elementor-post__meta-data\">\n\t\t\t\t\t<span class=\"elementor-post-date\">\n\t\t\t20\/09\/2024\t\t<\/span>\n\t\t\t\t<span class=\"elementor-post-avatar\">\n\t\t\tNenhum coment\u00e1rio\t\t<\/span>\n\t\t\t\t<\/div>\n\t\t\t\t\t<\/div>\n\t\t<\/article>\n\t\t\t\t<article class=\"elementor-post elementor-grid-item post-2409 post type-post status-publish format-standard has-post-thumbnail hentry category-uncategorized\" role=\"listitem\">\n\t\t\t<div class=\"elementor-post__card\">\n\t\t\t\t<a class=\"elementor-post__thumbnail__link\" href=\"https:\/\/enlacesur.org\/pt\/uncategorized\/unete-a-la-campana-del-pacto-global-de-alcaldes-por-el-dia-mundial-del-medio-ambiente\/\" tabindex=\"-1\" ><div class=\"elementor-post__thumbnail\"><img decoding=\"async\" width=\"300\" height=\"169\" src=\"https:\/\/enlacesur.org\/wp-content\/uploads\/2024\/05\/flyer-nota-Enlace-Sur-camapana-dia-mundial-del-medioambiente-2-300x169.png\" class=\"attachment-medium size-medium wp-image-2410\" alt=\"\" srcset=\"https:\/\/enlacesur.org\/wp-content\/uploads\/2024\/05\/flyer-nota-Enlace-Sur-camapana-dia-mundial-del-medioambiente-2-300x169.png 300w, https:\/\/enlacesur.org\/wp-content\/uploads\/2024\/05\/flyer-nota-Enlace-Sur-camapana-dia-mundial-del-medioambiente-2-768x432.png 768w, https:\/\/enlacesur.org\/wp-content\/uploads\/2024\/05\/flyer-nota-Enlace-Sur-camapana-dia-mundial-del-medioambiente-2-18x10.png 18w, https:\/\/enlacesur.org\/wp-content\/uploads\/2024\/05\/flyer-nota-Enlace-Sur-camapana-dia-mundial-del-medioambiente-2-20x11.png 20w, https:\/\/enlacesur.org\/wp-content\/uploads\/2024\/05\/flyer-nota-Enlace-Sur-camapana-dia-mundial-del-medioambiente-2.png 800w\" sizes=\"(max-width: 300px) 100vw, 300px\" \/><\/div><\/a>\n\t\t\t\t<div class=\"elementor-post__text\">\n\t\t\t\t<h3 class=\"elementor-post__title\">\n\t\t\t<a href=\"https:\/\/enlacesur.org\/pt\/uncategorized\/unete-a-la-campana-del-pacto-global-de-alcaldes-por-el-dia-mundial-del-medio-ambiente\/\" >\n\t\t\t\t\u00danete a la Campa\u00f1a del Pacto Global de Alcaldes por el D\u00eda Mundial del Medio Ambiente\t\t\t<\/a>\n\t\t<\/h3>\n\t\t\t\t<div class=\"elementor-post__excerpt\">\n\t\t\t<p>En el marco del pr\u00f3ximo D\u00eda Mundial del Medio Ambiente, el Pacto Global de Alcaldes por el Clima y la Energ\u00eda (GCoM), a trav\u00e9s del Foro de Alcaldes, invita a las ciudades de la regi\u00f3n a participar de una campa\u00f1a comunicacional y de sensibilizaci\u00f3n para conocer los compromisos y acciones de preservaci\u00f3n y valorizaci\u00f3n de<\/p>\n\t\t<\/div>\n\t\t\n\t\t<a class=\"elementor-post__read-more\" href=\"https:\/\/enlacesur.org\/pt\/uncategorized\/unete-a-la-campana-del-pacto-global-de-alcaldes-por-el-dia-mundial-del-medio-ambiente\/\" aria-label=\"Leia mais sobre \u00danete a la Campa\u00f1a del Pacto Global de Alcaldes por el D\u00eda Mundial del Medio Ambiente\" tabindex=\"-1\" >\n\t\t\tLeer m\u00e1s\u00bb\t\t<\/a>\n\n\t\t\t\t<\/div>\n\t\t\t\t<div class=\"elementor-post__meta-data\">\n\t\t\t\t\t<span class=\"elementor-post-date\">\n\t\t\t22\/05\/2024\t\t<\/span>\n\t\t\t\t<span class=\"elementor-post-avatar\">\n\t\t\tNenhum coment\u00e1rio\t\t<\/span>\n\t\t\t\t<\/div>\n\t\t\t\t\t<\/div>\n\t\t<\/article>\n\t\t\t\t<article class=\"elementor-post elementor-grid-item post-2070 post type-post status-publish format-standard has-post-thumbnail hentry category-uncategorized\" role=\"listitem\">\n\t\t\t<div class=\"elementor-post__card\">\n\t\t\t\t<a class=\"elementor-post__thumbnail__link\" href=\"https:\/\/enlacesur.org\/pt\/uncategorized\/mercociudades-invita-a-participar-del-programa-de-intercambio-de-expertos-del-pacto-de-alcaldes\/\" tabindex=\"-1\" ><div class=\"elementor-post__thumbnail\"><img decoding=\"async\" width=\"300\" height=\"169\" src=\"https:\/\/enlacesur.org\/wp-content\/uploads\/2023\/03\/intercambio-de-expertos-nota-gcom-300x169.png\" class=\"attachment-medium size-medium wp-image-2071\" alt=\"\" srcset=\"https:\/\/enlacesur.org\/wp-content\/uploads\/2023\/03\/intercambio-de-expertos-nota-gcom-300x169.png 300w, https:\/\/enlacesur.org\/wp-content\/uploads\/2023\/03\/intercambio-de-expertos-nota-gcom-768x432.png 768w, https:\/\/enlacesur.org\/wp-content\/uploads\/2023\/03\/intercambio-de-expertos-nota-gcom-18x10.png 18w, https:\/\/enlacesur.org\/wp-content\/uploads\/2023\/03\/intercambio-de-expertos-nota-gcom-20x11.png 20w, https:\/\/enlacesur.org\/wp-content\/uploads\/2023\/03\/intercambio-de-expertos-nota-gcom.png 800w\" sizes=\"(max-width: 300px) 100vw, 300px\" \/><\/div><\/a>\n\t\t\t\t<div class=\"elementor-post__text\">\n\t\t\t\t<h3 class=\"elementor-post__title\">\n\t\t\t<a href=\"https:\/\/enlacesur.org\/pt\/uncategorized\/mercociudades-invita-a-participar-del-programa-de-intercambio-de-expertos-del-pacto-de-alcaldes\/\" >\n\t\t\t\tMercociudades invita a participar del Programa de intercambio de expertos del Pacto de Alcaldes\t\t\t<\/a>\n\t\t<\/h3>\n\t\t\t\t<div class=\"elementor-post__excerpt\">\n\t\t\t<p>Como parte de la alianza del Pacto Global de Alcaldes por el Clima y la Energ\u00eda (GCoM), Mercociudades invita a participar de la convocatoria para el intercambio t\u00e9cnico entre ciudades que han desarrollado\/est\u00e1n desarrollando e implementando un Plan de Acci\u00f3n Clim\u00e1tica (PAC) consistente con los requisitos del Marco Com\u00fan de Reporte del GCoM. La convocatoria<\/p>\n\t\t<\/div>\n\t\t\n\t\t<a class=\"elementor-post__read-more\" href=\"https:\/\/enlacesur.org\/pt\/uncategorized\/mercociudades-invita-a-participar-del-programa-de-intercambio-de-expertos-del-pacto-de-alcaldes\/\" aria-label=\"Leia mais sobre Mercociudades invita a participar del Programa de intercambio de expertos del Pacto de Alcaldes\" tabindex=\"-1\" >\n\t\t\tLeer m\u00e1s\u00bb\t\t<\/a>\n\n\t\t\t\t<\/div>\n\t\t\t\t<div class=\"elementor-post__meta-data\">\n\t\t\t\t\t<span class=\"elementor-post-date\">\n\t\t\t28\/02\/2023\t\t<\/span>\n\t\t\t\t<span class=\"elementor-post-avatar\">\n\t\t\tNenhum coment\u00e1rio\t\t<\/span>\n\t\t\t\t<\/div>\n\t\t\t\t\t<\/div>\n\t\t<\/article>\n\t\t\t\t<article class=\"elementor-post elementor-grid-item post-1963 post type-post status-publish format-standard has-post-thumbnail hentry category-uncategorized\" role=\"listitem\">\n\t\t\t<div class=\"elementor-post__card\">\n\t\t\t\t<a class=\"elementor-post__thumbnail__link\" href=\"https:\/\/enlacesur.org\/pt\/uncategorized\/jornadas-de-ambiente-y-desarrollo-sostenible-durante-la-xxvii-cumbre-en-montevideo\/\" tabindex=\"-1\" ><div class=\"elementor-post__thumbnail\"><img loading=\"lazy\" decoding=\"async\" width=\"300\" height=\"169\" src=\"https:\/\/enlacesur.org\/wp-content\/uploads\/2023\/01\/nota-ambiente_Ambiente-nota-300x169.png\" class=\"attachment-medium size-medium wp-image-1964\" alt=\"\" srcset=\"https:\/\/enlacesur.org\/wp-content\/uploads\/2023\/01\/nota-ambiente_Ambiente-nota-300x169.png 300w, https:\/\/enlacesur.org\/wp-content\/uploads\/2023\/01\/nota-ambiente_Ambiente-nota-768x432.png 768w, https:\/\/enlacesur.org\/wp-content\/uploads\/2023\/01\/nota-ambiente_Ambiente-nota-18x10.png 18w, https:\/\/enlacesur.org\/wp-content\/uploads\/2023\/01\/nota-ambiente_Ambiente-nota-20x11.png 20w, https:\/\/enlacesur.org\/wp-content\/uploads\/2023\/01\/nota-ambiente_Ambiente-nota.png 801w\" sizes=\"(max-width: 300px) 100vw, 300px\" \/><\/div><\/a>\n\t\t\t\t<div class=\"elementor-post__text\">\n\t\t\t\t<h3 class=\"elementor-post__title\">\n\t\t\t<a href=\"https:\/\/enlacesur.org\/pt\/uncategorized\/jornadas-de-ambiente-y-desarrollo-sostenible-durante-la-xxvii-cumbre-en-montevideo\/\" >\n\t\t\t\tJornadas de Ambiente y Desarrollo Sostenible durante la XXVII Cumbre en Montevideo\t\t\t<\/a>\n\t\t<\/h3>\n\t\t\t\t<div class=\"elementor-post__excerpt\">\n\t\t\t<p>El pr\u00f3ximo 30 de noviembre, la Unidad Tem\u00e1tica de Ambiente y Desarrollo Sostenible (UTADS) llevar\u00e1 a cabo su segundo encuentro durante la XXVII Cumbre de Mercociudades en Montevideo, con las participaciones especiales de iniciativas y organismos internacionales vinculados a la acci\u00f3n clim\u00e1tica en las ciudades.<\/p>\n\t\t<\/div>\n\t\t\n\t\t<a class=\"elementor-post__read-more\" href=\"https:\/\/enlacesur.org\/pt\/uncategorized\/jornadas-de-ambiente-y-desarrollo-sostenible-durante-la-xxvii-cumbre-en-montevideo\/\" aria-label=\"Leia mais sobre Jornadas de Ambiente y Desarrollo Sostenible durante la XXVII Cumbre en Montevideo\" tabindex=\"-1\" >\n\t\t\tLeer m\u00e1s\u00bb\t\t<\/a>\n\n\t\t\t\t<\/div>\n\t\t\t\t<div class=\"elementor-post__meta-data\">\n\t\t\t\t\t<span class=\"elementor-post-date\">\n\t\t\t25\/11\/2022\t\t<\/span>\n\t\t\t\t<span class=\"elementor-post-avatar\">\n\t\t\tNenhum coment\u00e1rio\t\t<\/span>\n\t\t\t\t<\/div>\n\t\t\t\t\t<\/div>\n\t\t<\/article>\n\t\t\t\t<article class=\"elementor-post elementor-grid-item post-1970 post type-post status-publish format-standard has-post-thumbnail hentry category-uncategorized\" role=\"listitem\">\n\t\t\t<div class=\"elementor-post__card\">\n\t\t\t\t<a class=\"elementor-post__thumbnail__link\" href=\"https:\/\/enlacesur.org\/pt\/uncategorized\/mercociudades-se-posiciona-sobre-la-nueva-agenda-urbana-y-el-pacto-para-el-futuro\/\" tabindex=\"-1\" ><div class=\"elementor-post__thumbnail\"><img loading=\"lazy\" decoding=\"async\" width=\"300\" height=\"169\" src=\"https:\/\/enlacesur.org\/wp-content\/uploads\/2023\/01\/logoMerco_nota-01-300x169.png\" class=\"attachment-medium size-medium wp-image-1971\" alt=\"\" srcset=\"https:\/\/enlacesur.org\/wp-content\/uploads\/2023\/01\/logoMerco_nota-01-300x169.png 300w, https:\/\/enlacesur.org\/wp-content\/uploads\/2023\/01\/logoMerco_nota-01-768x432.png 768w, https:\/\/enlacesur.org\/wp-content\/uploads\/2023\/01\/logoMerco_nota-01-18x10.png 18w, https:\/\/enlacesur.org\/wp-content\/uploads\/2023\/01\/logoMerco_nota-01-20x11.png 20w, https:\/\/enlacesur.org\/wp-content\/uploads\/2023\/01\/logoMerco_nota-01.png 800w\" sizes=\"(max-width: 300px) 100vw, 300px\" \/><\/div><\/a>\n\t\t\t\t<div class=\"elementor-post__text\">\n\t\t\t\t<h3 class=\"elementor-post__title\">\n\t\t\t<a href=\"https:\/\/enlacesur.org\/pt\/uncategorized\/mercociudades-se-posiciona-sobre-la-nueva-agenda-urbana-y-el-pacto-para-el-futuro\/\" >\n\t\t\t\tMercociudades se posiciona sobre la Nueva Agenda Urbana y el Pacto para el Futuro\t\t\t<\/a>\n\t\t<\/h3>\n\t\t\t\t<div class=\"elementor-post__excerpt\">\n\t\t\t<p>La Presidencia de Mercociudades presenta dos documentos que re\u00fanen los aportes que las ciudades latinoamericanas fueron realizando para construir un posicionamiento de la Red respecto a la Nueva Agenda Urbana y el Pacto para el Futuro de CGLU (Ciudades y Gobiernos Locales Unidos).<\/p>\n\t\t<\/div>\n\t\t\n\t\t<a class=\"elementor-post__read-more\" href=\"https:\/\/enlacesur.org\/pt\/uncategorized\/mercociudades-se-posiciona-sobre-la-nueva-agenda-urbana-y-el-pacto-para-el-futuro\/\" aria-label=\"Leia mais sobre Mercociudades se posiciona sobre la Nueva Agenda Urbana y el Pacto para el Futuro\" tabindex=\"-1\" >\n\t\t\tLeer m\u00e1s\u00bb\t\t<\/a>\n\n\t\t\t\t<\/div>\n\t\t\t\t<div class=\"elementor-post__meta-data\">\n\t\t\t\t\t<span class=\"elementor-post-date\">\n\t\t\t11\/10\/2022\t\t<\/span>\n\t\t\t\t<span class=\"elementor-post-avatar\">\n\t\t\tNenhum coment\u00e1rio\t\t<\/span>\n\t\t\t\t<\/div>\n\t\t\t\t\t<\/div>\n\t\t<\/article>\n\t\t\t\t<article class=\"elementor-post elementor-grid-item post-1968 post type-post status-publish format-standard has-post-thumbnail hentry category-uncategorized\" role=\"listitem\">\n\t\t\t<div class=\"elementor-post__card\">\n\t\t\t\t<a class=\"elementor-post__thumbnail__link\" href=\"https:\/\/enlacesur.org\/pt\/uncategorized\/buenos-aires-sera-sede-del-primer-encuentro-del-foro-de-alcaldes-del-pacto-en-latinoamerica\/\" tabindex=\"-1\" ><div class=\"elementor-post__thumbnail\"><img loading=\"lazy\" decoding=\"async\" width=\"300\" height=\"204\" src=\"https:\/\/enlacesur.org\/wp-content\/uploads\/2023\/01\/buenos-aires-300x204.jpg\" class=\"attachment-medium size-medium wp-image-1969\" alt=\"\" srcset=\"https:\/\/enlacesur.org\/wp-content\/uploads\/2023\/01\/buenos-aires-300x204.jpg 300w, https:\/\/enlacesur.org\/wp-content\/uploads\/2023\/01\/buenos-aires-1024x695.jpg 1024w, https:\/\/enlacesur.org\/wp-content\/uploads\/2023\/01\/buenos-aires-768x522.jpg 768w, https:\/\/enlacesur.org\/wp-content\/uploads\/2023\/01\/buenos-aires-18x12.jpg 18w, https:\/\/enlacesur.org\/wp-content\/uploads\/2023\/01\/buenos-aires-20x14.jpg 20w, https:\/\/enlacesur.org\/wp-content\/uploads\/2023\/01\/buenos-aires.jpg 1200w\" sizes=\"(max-width: 300px) 100vw, 300px\" \/><\/div><\/a>\n\t\t\t\t<div class=\"elementor-post__text\">\n\t\t\t\t<h3 class=\"elementor-post__title\">\n\t\t\t<a href=\"https:\/\/enlacesur.org\/pt\/uncategorized\/buenos-aires-sera-sede-del-primer-encuentro-del-foro-de-alcaldes-del-pacto-en-latinoamerica\/\" >\n\t\t\t\tBuenos Aires ser\u00e1 sede del primer encuentro del Foro de Alcaldes del Pacto en Latinoam\u00e9rica\t\t\t<\/a>\n\t\t<\/h3>\n\t\t\t\t<div class=\"elementor-post__excerpt\">\n\t\t\t<p>El pasado 4 de octubre, el Pacto Global de Alcaldes por el Clima y la Energ\u00eda (GCoM) dio a conocer los alcaldes y alcaldesas seleccionados para integrar el Foro de Alcaldes en Latinoam\u00e9rica. El primer encuentro del Foro se llevar\u00e1 a cabo de forma presencial, como un evento paralelo a la Cumbre de C40 Cities<\/p>\n\t\t<\/div>\n\t\t\n\t\t<a class=\"elementor-post__read-more\" href=\"https:\/\/enlacesur.org\/pt\/uncategorized\/buenos-aires-sera-sede-del-primer-encuentro-del-foro-de-alcaldes-del-pacto-en-latinoamerica\/\" aria-label=\"Leia mais sobre Buenos Aires ser\u00e1 sede del primer encuentro del Foro de Alcaldes del Pacto en Latinoam\u00e9rica\" tabindex=\"-1\" >\n\t\t\tLeer m\u00e1s\u00bb\t\t<\/a>\n\n\t\t\t\t<\/div>\n\t\t\t\t<div class=\"elementor-post__meta-data\">\n\t\t\t\t\t<span class=\"elementor-post-date\">\n\t\t\t11\/10\/2022\t\t<\/span>\n\t\t\t\t<span class=\"elementor-post-avatar\">\n\t\t\tNenhum coment\u00e1rio\t\t<\/span>\n\t\t\t\t<\/div>\n\t\t\t\t\t<\/div>\n\t\t<\/article>\n\t\t\t\t<article class=\"elementor-post elementor-grid-item post-1955 post type-post status-publish format-standard has-post-thumbnail hentry category-uncategorized\" role=\"listitem\">\n\t\t\t<div class=\"elementor-post__card\">\n\t\t\t\t<a class=\"elementor-post__thumbnail__link\" href=\"https:\/\/enlacesur.org\/pt\/uncategorized\/mercociudades-invita-a-sus-gobiernos-locales-a-realizar-aportes-y-reflexiones-frente-al-pacto-para-el-futuro\/\" tabindex=\"-1\" ><div class=\"elementor-post__thumbnail\"><img loading=\"lazy\" decoding=\"async\" width=\"300\" height=\"169\" src=\"https:\/\/enlacesur.org\/wp-content\/uploads\/2023\/01\/PLACAS_MERCOCIUDADES_COP27_v31-300x169.jpg\" class=\"attachment-medium size-medium wp-image-1957\" alt=\"\" srcset=\"https:\/\/enlacesur.org\/wp-content\/uploads\/2023\/01\/PLACAS_MERCOCIUDADES_COP27_v31-300x169.jpg 300w, https:\/\/enlacesur.org\/wp-content\/uploads\/2023\/01\/PLACAS_MERCOCIUDADES_COP27_v31-1024x578.jpg 1024w, https:\/\/enlacesur.org\/wp-content\/uploads\/2023\/01\/PLACAS_MERCOCIUDADES_COP27_v31-768x434.jpg 768w, https:\/\/enlacesur.org\/wp-content\/uploads\/2023\/01\/PLACAS_MERCOCIUDADES_COP27_v31-1536x867.jpg 1536w, https:\/\/enlacesur.org\/wp-content\/uploads\/2023\/01\/PLACAS_MERCOCIUDADES_COP27_v31-18x10.jpg 18w, https:\/\/enlacesur.org\/wp-content\/uploads\/2023\/01\/PLACAS_MERCOCIUDADES_COP27_v31-20x11.jpg 20w, https:\/\/enlacesur.org\/wp-content\/uploads\/2023\/01\/PLACAS_MERCOCIUDADES_COP27_v31.jpg 1814w\" sizes=\"(max-width: 300px) 100vw, 300px\" \/><\/div><\/a>\n\t\t\t\t<div class=\"elementor-post__text\">\n\t\t\t\t<h3 class=\"elementor-post__title\">\n\t\t\t<a href=\"https:\/\/enlacesur.org\/pt\/uncategorized\/mercociudades-invita-a-sus-gobiernos-locales-a-realizar-aportes-y-reflexiones-frente-al-pacto-para-el-futuro\/\" >\n\t\t\t\tMercociudades invita a sus gobiernos locales a realizar aportes y reflexiones frente al Pacto para el Futuro\t\t\t<\/a>\n\t\t<\/h3>\n\t\t\t\t<div class=\"elementor-post__excerpt\">\n\t\t\t<p>La Presidencia de la Red convoca a las mercociudades a participar el pr\u00f3ximo 26 de septiembre de una consulta abierta (virtual) con el objetivo de contribuir a un documento que recoge reflexiones y aportes de Mercociudades frente al Pacto para el Futuro y la COP27.<\/p>\n\t\t<\/div>\n\t\t\n\t\t<a class=\"elementor-post__read-more\" href=\"https:\/\/enlacesur.org\/pt\/uncategorized\/mercociudades-invita-a-sus-gobiernos-locales-a-realizar-aportes-y-reflexiones-frente-al-pacto-para-el-futuro\/\" aria-label=\"Leia mais sobre Mercociudades invita a sus gobiernos locales a realizar aportes y reflexiones frente al Pacto para el Futuro\" tabindex=\"-1\" >\n\t\t\tLeer m\u00e1s\u00bb\t\t<\/a>\n\n\t\t\t\t<\/div>\n\t\t\t\t<div class=\"elementor-post__meta-data\">\n\t\t\t\t\t<span class=\"elementor-post-date\">\n\t\t\t19\/09\/2022\t\t<\/span>\n\t\t\t\t<span class=\"elementor-post-avatar\">\n\t\t\tNenhum coment\u00e1rio\t\t<\/span>\n\t\t\t\t<\/div>\n\t\t\t\t\t<\/div>\n\t\t<\/article>\n\t\t\t\t<article class=\"elementor-post elementor-grid-item post-1951 post type-post status-publish format-standard has-post-thumbnail hentry category-uncategorized\" role=\"listitem\">\n\t\t\t<div class=\"elementor-post__card\">\n\t\t\t\t<a class=\"elementor-post__thumbnail__link\" href=\"https:\/\/enlacesur.org\/pt\/uncategorized\/12-de-septiembre-mercociudades-presenta-plataforma-de-cooperacion-enlace-sur\/\" tabindex=\"-1\" ><div class=\"elementor-post__thumbnail\"><img loading=\"lazy\" decoding=\"async\" width=\"300\" height=\"175\" src=\"https:\/\/enlacesur.org\/wp-content\/uploads\/2022\/09\/EnlaceSur_lanzamiento-300x175.png\" class=\"attachment-medium size-medium wp-image-1954\" alt=\"\" srcset=\"https:\/\/enlacesur.org\/wp-content\/uploads\/2022\/09\/EnlaceSur_lanzamiento-300x175.png 300w, https:\/\/enlacesur.org\/wp-content\/uploads\/2022\/09\/EnlaceSur_lanzamiento-1024x598.png 1024w, https:\/\/enlacesur.org\/wp-content\/uploads\/2022\/09\/EnlaceSur_lanzamiento-768x449.png 768w, https:\/\/enlacesur.org\/wp-content\/uploads\/2022\/09\/EnlaceSur_lanzamiento-18x12.png 18w, https:\/\/enlacesur.org\/wp-content\/uploads\/2022\/09\/EnlaceSur_lanzamiento-20x12.png 20w, https:\/\/enlacesur.org\/wp-content\/uploads\/2022\/09\/EnlaceSur_lanzamiento.png 1027w\" sizes=\"(max-width: 300px) 100vw, 300px\" \/><\/div><\/a>\n\t\t\t\t<div class=\"elementor-post__text\">\n\t\t\t\t<h3 class=\"elementor-post__title\">\n\t\t\t<a href=\"https:\/\/enlacesur.org\/pt\/uncategorized\/12-de-septiembre-mercociudades-presenta-plataforma-de-cooperacion-enlace-sur\/\" >\n\t\t\t\t12 de septiembre \/ Mercociudades presenta plataforma de cooperaci\u00f3n Enlace Sur\t\t\t<\/a>\n\t\t<\/h3>\n\t\t\t\t<div class=\"elementor-post__excerpt\">\n\t\t\t<p>Mercociudades festeja el D\u00eda Internacional de la Cooperaci\u00f3n Sur Sur lanzando la plataforma interactiva Enlace Sur. El evento virtual se realizar\u00e1 el 12 de septiembre a las 14 h de Argentina (GMT-3) y se invita especialmente a representantes de ciudades miembros de la Red, de organizaciones sociales, organismos internacionales, instituciones acad\u00e9micas y a personas interesadas<\/p>\n\t\t<\/div>\n\t\t\n\t\t<a class=\"elementor-post__read-more\" href=\"https:\/\/enlacesur.org\/pt\/uncategorized\/12-de-septiembre-mercociudades-presenta-plataforma-de-cooperacion-enlace-sur\/\" aria-label=\"Leia mais sobre 12 de septiembre \/ Mercociudades presenta plataforma de cooperaci\u00f3n Enlace Sur\" tabindex=\"-1\" >\n\t\t\tLeer m\u00e1s\u00bb\t\t<\/a>\n\n\t\t\t\t<\/div>\n\t\t\t\t<div class=\"elementor-post__meta-data\">\n\t\t\t\t\t<span class=\"elementor-post-date\">\n\t\t\t06\/09\/2022\t\t<\/span>\n\t\t\t\t<span class=\"elementor-post-avatar\">\n\t\t\tNenhum coment\u00e1rio\t\t<\/span>\n\t\t\t\t<\/div>\n\t\t\t\t\t<\/div>\n\t\t<\/article>\n\t\t\t\t<article class=\"elementor-post elementor-grid-item post-1949 post type-post status-publish format-standard has-post-thumbnail hentry category-uncategorized\" role=\"listitem\">\n\t\t\t<div class=\"elementor-post__card\">\n\t\t\t\t<a class=\"elementor-post__thumbnail__link\" href=\"https:\/\/enlacesur.org\/pt\/uncategorized\/mercociudades-lanzo-publicacion-sobre-sostenibilidad-y-resiliencia-urbana\/\" tabindex=\"-1\" ><div class=\"elementor-post__thumbnail\"><img loading=\"lazy\" decoding=\"async\" width=\"300\" height=\"169\" src=\"https:\/\/enlacesur.org\/wp-content\/uploads\/2023\/01\/portada_noticia-300x169.png\" class=\"attachment-medium size-medium wp-image-1950\" alt=\"\" srcset=\"https:\/\/enlacesur.org\/wp-content\/uploads\/2023\/01\/portada_noticia-300x169.png 300w, https:\/\/enlacesur.org\/wp-content\/uploads\/2023\/01\/portada_noticia-1024x576.png 1024w, https:\/\/enlacesur.org\/wp-content\/uploads\/2023\/01\/portada_noticia-768x432.png 768w, https:\/\/enlacesur.org\/wp-content\/uploads\/2023\/01\/portada_noticia-18x10.png 18w, https:\/\/enlacesur.org\/wp-content\/uploads\/2023\/01\/portada_noticia-20x11.png 20w, https:\/\/enlacesur.org\/wp-content\/uploads\/2023\/01\/portada_noticia.png 1162w\" sizes=\"(max-width: 300px) 100vw, 300px\" \/><\/div><\/a>\n\t\t\t\t<div class=\"elementor-post__text\">\n\t\t\t\t<h3 class=\"elementor-post__title\">\n\t\t\t<a href=\"https:\/\/enlacesur.org\/pt\/uncategorized\/mercociudades-lanzo-publicacion-sobre-sostenibilidad-y-resiliencia-urbana\/\" >\n\t\t\t\tMercociudades lanz\u00f3 publicaci\u00f3n sobre sostenibilidad y resiliencia urbana\t\t\t<\/a>\n\t\t<\/h3>\n\t\t\t\t<div class=\"elementor-post__excerpt\">\n\t\t\t<p>En el marco de la 16\u00aa capacitaci\u00f3n regional de Mercociudades en Esteban Echeverr\u00eda, el pasado viernes 19 se lanz\u00f3 la publicaci\u00f3n: \u201cEl desaf\u00edo de construir comunidades sostenibles y resilientes.\u201d La apertura del evento fue encabezada por el presidente de la Red e intendente de Esteban Echeverr\u00eda, Fernando Gray.<\/p>\n\t\t<\/div>\n\t\t\n\t\t<a class=\"elementor-post__read-more\" href=\"https:\/\/enlacesur.org\/pt\/uncategorized\/mercociudades-lanzo-publicacion-sobre-sostenibilidad-y-resiliencia-urbana\/\" aria-label=\"Leia mais sobre Mercociudades lanz\u00f3 publicaci\u00f3n sobre sostenibilidad y resiliencia urbana\" tabindex=\"-1\" >\n\t\t\tLeer m\u00e1s\u00bb\t\t<\/a>\n\n\t\t\t\t<\/div>\n\t\t\t\t<div class=\"elementor-post__meta-data\">\n\t\t\t\t\t<span class=\"elementor-post-date\">\n\t\t\t22\/08\/2022\t\t<\/span>\n\t\t\t\t<span class=\"elementor-post-avatar\">\n\t\t\tNenhum coment\u00e1rio\t\t<\/span>\n\t\t\t\t<\/div>\n\t\t\t\t\t<\/div>\n\t\t<\/article>\n\t\t\t\t<article class=\"elementor-post elementor-grid-item post-1918 post type-post status-publish format-standard has-post-thumbnail hentry category-uncategorized\" role=\"listitem\">\n\t\t\t<div class=\"elementor-post__card\">\n\t\t\t\t<a class=\"elementor-post__thumbnail__link\" href=\"https:\/\/enlacesur.org\/pt\/uncategorized\/ciudades-de-la-red-participaron-en-el-primer-dialogo-regional-para-contribuir-al-informe-ipcc\/\" tabindex=\"-1\" ><div class=\"elementor-post__thumbnail\"><img loading=\"lazy\" decoding=\"async\" width=\"300\" height=\"169\" src=\"https:\/\/enlacesur.org\/wp-content\/uploads\/2022\/08\/ipcc2022-300x169.png\" class=\"attachment-medium size-medium wp-image-1952\" alt=\"\" srcset=\"https:\/\/enlacesur.org\/wp-content\/uploads\/2022\/08\/ipcc2022-300x169.png 300w, https:\/\/enlacesur.org\/wp-content\/uploads\/2022\/08\/ipcc2022-1024x577.png 1024w, https:\/\/enlacesur.org\/wp-content\/uploads\/2022\/08\/ipcc2022-768x433.png 768w, https:\/\/enlacesur.org\/wp-content\/uploads\/2022\/08\/ipcc2022-18x10.png 18w, https:\/\/enlacesur.org\/wp-content\/uploads\/2022\/08\/ipcc2022-20x11.png 20w, https:\/\/enlacesur.org\/wp-content\/uploads\/2022\/08\/ipcc2022.png 1337w\" sizes=\"(max-width: 300px) 100vw, 300px\" \/><\/div><\/a>\n\t\t\t\t<div class=\"elementor-post__text\">\n\t\t\t\t<h3 class=\"elementor-post__title\">\n\t\t\t<a href=\"https:\/\/enlacesur.org\/pt\/uncategorized\/ciudades-de-la-red-participaron-en-el-primer-dialogo-regional-para-contribuir-al-informe-ipcc\/\" >\n\t\t\t\tCiudades de la Red participaron en el primer di\u00e1logo regional para contribuir al informe IPCC\t\t\t<\/a>\n\t\t<\/h3>\n\t\t\t\t<div class=\"elementor-post__excerpt\">\n\t\t\t<p>Los pasados 14 y 15 de julio, a trav\u00e9s del Comit\u00e9 Directivo Regional del Pacto Mundial de Alcaldes por el Clima y la Energ\u00eda (GCoM), representantes de siete gobiernos locales de la Red participaron de la primer ronda de di\u00e1logo regional para apoyar la compilaci\u00f3n de insumos y aportes para el Resumen para Planificadores Urbanos<\/p>\n\t\t<\/div>\n\t\t\n\t\t<a class=\"elementor-post__read-more\" href=\"https:\/\/enlacesur.org\/pt\/uncategorized\/ciudades-de-la-red-participaron-en-el-primer-dialogo-regional-para-contribuir-al-informe-ipcc\/\" aria-label=\"Leia mais sobre Ciudades de la Red participaron en el primer di\u00e1logo regional para contribuir al informe IPCC\" tabindex=\"-1\" >\n\t\t\tLeer m\u00e1s\u00bb\t\t<\/a>\n\n\t\t\t\t<\/div>\n\t\t\t\t<div class=\"elementor-post__meta-data\">\n\t\t\t\t\t<span class=\"elementor-post-date\">\n\t\t\t08\/08\/2022\t\t<\/span>\n\t\t\t\t<span class=\"elementor-post-avatar\">\n\t\t\tNenhum coment\u00e1rio\t\t<\/span>\n\t\t\t\t<\/div>\n\t\t\t\t\t<\/div>\n\t\t<\/article>\n\t\t\t\t<article class=\"elementor-post elementor-grid-item post-1691 post type-post status-publish format-standard has-post-thumbnail hentry category-uncategorized\" role=\"listitem\">\n\t\t\t<div class=\"elementor-post__card\">\n\t\t\t\t<a class=\"elementor-post__thumbnail__link\" href=\"https:\/\/enlacesur.org\/pt\/uncategorized\/convocatoria-de-candidaturas-al-foro-de-alcaldes-del-pacto-en-latinoamerica\/\" tabindex=\"-1\" ><div class=\"elementor-post__thumbnail\"><img loading=\"lazy\" decoding=\"async\" width=\"300\" height=\"169\" src=\"https:\/\/enlacesur.org\/wp-content\/uploads\/2022\/11\/flyer-Foro-Alcaldes-espanol-300x169.png\" class=\"attachment-medium size-medium wp-image-1917\" alt=\"\" srcset=\"https:\/\/enlacesur.org\/wp-content\/uploads\/2022\/11\/flyer-Foro-Alcaldes-espanol-300x169.png 300w, https:\/\/enlacesur.org\/wp-content\/uploads\/2022\/11\/flyer-Foro-Alcaldes-espanol-768x433.png 768w, https:\/\/enlacesur.org\/wp-content\/uploads\/2022\/11\/flyer-Foro-Alcaldes-espanol-18x10.png 18w, https:\/\/enlacesur.org\/wp-content\/uploads\/2022\/11\/flyer-Foro-Alcaldes-espanol-20x11.png 20w, https:\/\/enlacesur.org\/wp-content\/uploads\/2022\/11\/flyer-Foro-Alcaldes-espanol.png 798w\" sizes=\"(max-width: 300px) 100vw, 300px\" \/><\/div><\/a>\n\t\t\t\t<div class=\"elementor-post__text\">\n\t\t\t\t<h3 class=\"elementor-post__title\">\n\t\t\t<a href=\"https:\/\/enlacesur.org\/pt\/uncategorized\/convocatoria-de-candidaturas-al-foro-de-alcaldes-del-pacto-en-latinoamerica\/\" >\n\t\t\t\tConvocatoria de candidaturas al Foro de Alcaldes del Pacto en Latinoam\u00e9rica\t\t\t<\/a>\n\t\t<\/h3>\n\t\t\t\t<div class=\"elementor-post__excerpt\">\n\t\t\t<p>Hasta el 24 de julio, la secretar\u00eda regional del Pacto Global de Alcaldes por el Clima y la Energ\u00eda (GCoM) en Am\u00e9rica Latina tiene abierta la convocatoria a ciudades firmantes del Pacto y miembros de Mercociudades, para seleccionar a las y los integrantes del pr\u00f3ximo Foro de Alcaldes del GCoM. El Foro tiene como objetivo<\/p>\n\t\t<\/div>\n\t\t\n\t\t<a class=\"elementor-post__read-more\" href=\"https:\/\/enlacesur.org\/pt\/uncategorized\/convocatoria-de-candidaturas-al-foro-de-alcaldes-del-pacto-en-latinoamerica\/\" aria-label=\"Leia mais sobre Convocatoria de candidaturas al Foro de Alcaldes del Pacto en Latinoam\u00e9rica\" tabindex=\"-1\" >\n\t\t\tLeer m\u00e1s\u00bb\t\t<\/a>\n\n\t\t\t\t<\/div>\n\t\t\t\t<div class=\"elementor-post__meta-data\">\n\t\t\t\t\t<span class=\"elementor-post-date\">\n\t\t\t20\/06\/2022\t\t<\/span>\n\t\t\t\t<span class=\"elementor-post-avatar\">\n\t\t\tNenhum coment\u00e1rio\t\t<\/span>\n\t\t\t\t<\/div>\n\t\t\t\t\t<\/div>\n\t\t<\/article>\n\t\t\t\t<article class=\"elementor-post elementor-grid-item post-1690 post type-post status-publish format-standard has-post-thumbnail hentry category-uncategorized\" role=\"listitem\">\n\t\t\t<div class=\"elementor-post__card\">\n\t\t\t\t<a class=\"elementor-post__thumbnail__link\" href=\"https:\/\/enlacesur.org\/pt\/uncategorized\/invitacion-dialogo-sobre-la-implementacion-de-los-compromisos-climaticos-en-las-ciudades\/\" tabindex=\"-1\" ><div class=\"elementor-post__thumbnail\"><img loading=\"lazy\" decoding=\"async\" width=\"300\" height=\"158\" src=\"https:\/\/enlacesur.org\/wp-content\/uploads\/2022\/05\/bannerunfcccraces-300x158.jpg\" class=\"attachment-medium size-medium wp-image-1973\" alt=\"\" srcset=\"https:\/\/enlacesur.org\/wp-content\/uploads\/2022\/05\/bannerunfcccraces-300x158.jpg 300w, https:\/\/enlacesur.org\/wp-content\/uploads\/2022\/05\/bannerunfcccraces-768x404.jpg 768w, https:\/\/enlacesur.org\/wp-content\/uploads\/2022\/05\/bannerunfcccraces-18x9.jpg 18w, https:\/\/enlacesur.org\/wp-content\/uploads\/2022\/05\/bannerunfcccraces-20x11.jpg 20w, https:\/\/enlacesur.org\/wp-content\/uploads\/2022\/05\/bannerunfcccraces.jpg 952w\" sizes=\"(max-width: 300px) 100vw, 300px\" \/><\/div><\/a>\n\t\t\t\t<div class=\"elementor-post__text\">\n\t\t\t\t<h3 class=\"elementor-post__title\">\n\t\t\t<a href=\"https:\/\/enlacesur.org\/pt\/uncategorized\/invitacion-dialogo-sobre-la-implementacion-de-los-compromisos-climaticos-en-las-ciudades\/\" >\n\t\t\t\tInvitaci\u00f3n: Di\u00e1logo sobre la implementaci\u00f3n de los compromisos clim\u00e1ticos en las ciudades\t\t\t<\/a>\n\t\t<\/h3>\n\t\t\t\t<div class=\"elementor-post__excerpt\">\n\t\t\t<p>Los pr\u00f3ximos 26 y 27 de mayo, a la hora 11 a.m (UTC-3), se desarrollar\u00e1 virtualmente el di\u00e1logo \u201cAcelerando la implementaci\u00f3n de compromisos clim\u00e1ticos en las ciudades de America Latina\u201d, una iniciativa impulsada por la red Ciudades y Gobiernos Locales Unidos (CGLU) con el apoyo de ICLEI, Mercociudades y GCoM.<\/p>\n\t\t<\/div>\n\t\t\n\t\t<a class=\"elementor-post__read-more\" href=\"https:\/\/enlacesur.org\/pt\/uncategorized\/invitacion-dialogo-sobre-la-implementacion-de-los-compromisos-climaticos-en-las-ciudades\/\" aria-label=\"Leia mais sobre Invitaci\u00f3n: Di\u00e1logo sobre la implementaci\u00f3n de los compromisos clim\u00e1ticos en las ciudades\" tabindex=\"-1\" >\n\t\t\tLeer m\u00e1s\u00bb\t\t<\/a>\n\n\t\t\t\t<\/div>\n\t\t\t\t<div class=\"elementor-post__meta-data\">\n\t\t\t\t\t<span class=\"elementor-post-date\">\n\t\t\t20\/05\/2022\t\t<\/span>\n\t\t\t\t<span class=\"elementor-post-avatar\">\n\t\t\tNenhum coment\u00e1rio\t\t<\/span>\n\t\t\t\t<\/div>\n\t\t\t\t\t<\/div>\n\t\t<\/article>\n\t\t\t\t<\/div>\n\t\t\n\t\t\t\t<div class=\"e-load-more-anchor\" data-page=\"1\" data-max-page=\"2\" data-next-page=\"https:\/\/enlacesur.org\/pt\/wp-json\/wp\/v2\/pages\/1693\/page\/2\/\"><\/div>\n\t\t\t\t<nav class=\"elementor-pagination\" aria-label=\"Pagina\u00e7\u00e3o\">\n\t\t\t<span aria-current=\"page\" class=\"page-numbers current\"><span class=\"elementor-screen-only\">P\u00e1gina<\/span>1<\/span>\n<a class=\"page-numbers\" href=\"https:\/\/enlacesur.org\/pt\/wp-json\/wp\/v2\/pages\/1693\/page\/2\/\"><span class=\"elementor-screen-only\">P\u00e1gina<\/span>2<\/a>\t\t<\/nav>\n\t\t\t\t\t\t<\/div>\n\t\t\t\t<\/div>\n\t\t\t\t\t<\/div>\n\t\t<\/div>\n\t\t\t\t\t<\/div>\n\t\t<\/section>\n\t\t\t\t<\/div>","protected":false},"excerpt":{"rendered":"<p>Noticias<\/p>","protected":false},"author":1,"featured_media":0,"parent":0,"menu_order":0,"comment_status":"closed","ping_status":"closed","template":"elementor_header_footer","meta":{"_stc_notifier_status":"","_stc_notifier_sent_time":"","_stc_notifier_request":false,"_stc_notifier_prevent":false,"_stc_subscriber_keywords":"","_stc_subscriber_search_areas":"","site-sidebar-layout":"no-sidebar","site-content-layout":"page-builder","ast-site-content-layout":"default","site-content-style":"default","site-sidebar-style":"default","ast-global-header-display":"","ast-banner-title-visibility":"","ast-main-header-display":"","ast-hfb-above-header-display":"","ast-hfb-below-header-display":"","ast-hfb-mobile-header-display":"","site-post-title":"disabled","ast-breadcrumbs-content":"","ast-featured-img":"disabled","footer-sml-layout":"","ast-disable-related-posts":"","theme-transparent-header-meta":"default","adv-header-id-meta":"","stick-header-meta":"default","header-above-stick-meta":"","header-main-stick-meta":"","header-below-stick-meta":"","astra-migrate-meta-layouts":"default","ast-page-background-enabled":"default","ast-page-background-meta":{"desktop":{"background-color":"var(--ast-global-color-4)","background-image":"","background-repeat":"repeat","background-position":"center center","background-size":"auto","background-attachment":"scroll","background-type":"","background-media":"","overlay-type":"","overlay-color":"","overlay-opacity":"","overlay-gradient":""},"tablet":{"background-color":"","background-image":"","background-repeat":"repeat","background-position":"center center","background-size":"auto","background-attachment":"scroll","background-type":"","background-media":"","overlay-type":"","overlay-color":"","overlay-opacity":"","overlay-gradient":""},"mobile":{"background-color":"","background-image":"","background-repeat":"repeat","background-position":"center center","background-size":"auto","background-attachment":"scroll","background-type":"","background-media":"","overlay-type":"","overlay-color":"","overlay-opacity":"","overlay-gradient":""}},"ast-content-background-meta":{"desktop":{"background-color":"var(--ast-global-color-5)","background-image":"","background-repeat":"repeat","background-position":"center center","background-size":"auto","background-attachment":"scroll","background-type":"","background-media":"","overlay-type":"","overlay-color":"","overlay-opacity":"","overlay-gradient":""},"tablet":{"background-color":"var(--ast-global-color-5)","background-image":"","background-repeat":"repeat","background-position":"center center","background-size":"auto","background-attachment":"scroll","background-type":"","background-media":"","overlay-type":"","overlay-color":"","overlay-opacity":"","overlay-gradient":""},"mobile":{"background-color":"var(--ast-global-color-5)","background-image":"","background-repeat":"repeat","background-position":"center center","background-size":"auto","background-attachment":"scroll","background-type":"","background-media":"","overlay-type":"","overlay-color":"","overlay-opacity":"","overlay-gradient":""}},"footnotes":""},"class_list":["post-1693","page","type-page","status-publish","hentry"],"_links":{"self":[{"href":"https:\/\/enlacesur.org\/pt\/wp-json\/wp\/v2\/pages\/1693","targetHints":{"allow":["GET"]}}],"collection":[{"href":"https:\/\/enlacesur.org\/pt\/wp-json\/wp\/v2\/pages"}],"about":[{"href":"https:\/\/enlacesur.org\/pt\/wp-json\/wp\/v2\/types\/page"}],"author":[{"embeddable":true,"href":"https:\/\/enlacesur.org\/pt\/wp-json\/wp\/v2\/users\/1"}],"replies":[{"embeddable":true,"href":"https:\/\/enlacesur.org\/pt\/wp-json\/wp\/v2\/comments?post=1693"}],"version-history":[{"count":0,"href":"https:\/\/enlacesur.org\/pt\/wp-json\/wp\/v2\/pages\/1693\/revisions"}],"wp:attachment":[{"href":"https:\/\/enlacesur.org\/pt\/wp-json\/wp\/v2\/media?parent=1693"}],"curies":[{"name":"wp","href":"https:\/\/api.w.org\/{rel}","templated":true}]}}